{"id":35118,"date":"2024-05-10T12:19:41","date_gmt":"2024-05-10T11:19:41","guid":{"rendered":"https:\/\/www.anceathrupoili.com\/?post_type=product&#038;p=35118"},"modified":"2026-04-25T05:22:33","modified_gmt":"2026-04-25T04:22:33","slug":"seosamh-mac-grianna-i-mbaile-atha-cliath","status":"publish","type":"product","link":"https:\/\/www.anceathrupoili.com\/ga\/shop\/seosamh-mac-grianna-i-mbaile-atha-cliath\/","title":{"rendered":"Seosamh Mac Grianna i mBaile \u00c1tha Cliath L\u00e9arsc\u00e1il Litr\u00edochta"},"content":{"rendered":"<p>Is \u00e9 at\u00e1 sa leabhar seo n\u00e1 turas Sheosaimh Mhic Grianna le linn d\u00f3 a bheith ag obair don Gh\u00fam, comhlacht foilsitheoireachta an st\u00e1it, agus \u00e9 ina ch\u00f3na\u00ed i mBaile \u00c1tha Cliath idir na blianta 1928 agus 1938. Turas n\u00f3 l\u00e9arsc\u00e1il litr\u00edochta at\u00e1 ann ar an iliomad \u00e1iteanna a raibh Seosamh ag fanacht le linn na tr\u00e9imhse is cruthaith\u00ed agus is bisi\u00fala d\u00e1 shaol agus \u00e9 ag saothr\u00fa litr\u00edochta idir aistri\u00fach\u00e1in agus phr\u00f3s agus obair iriseoireachta. D\u00fairt Seosamh gur dheacair leis fanacht in aon \u00e1it amh\u00e1in n\u00edos m\u00f3 n\u00e1 r\u00e1ithe, ach is l\u00e9ir anseo \u00f3n rogha den \u00e1bhar a bh\u00ed \u00e1 scr\u00edobh aige c\u00e9 chomh gn\u00f3thach is a bh\u00ed s\u00e9.<\/p>\n<p><\/p>\n<p>Tugann an chamchuairt liteartha seo ar Bhaile \u00c1tha Cliath fianaise ar ionad ceilte na Gaeilge i saol na cathrach, agus cuirfidh anleabhar leis an aithne agus leis an eolas at\u00e1 againn ar Sheosamh Mac Grianna mar dhuine agus mar scr\u00edbhneoir.<\/p>","protected":false},"excerpt":{"rendered":"<p>Is \u00e9 at\u00e1 sa leabhar seo n\u00e1 turas Sheosaimh Mhic Grianna le linn d\u00f3 a bheith ag obair don Gh\u00fam, comhlacht foilsitheoireachta an st\u00e1it, agus \u00e9 ina ch\u00f3na\u00ed i mBaile \u00c1tha Cliath idir na blianta 1928 agus 1938. Turas n\u00f3 l\u00e9arsc\u00e1il litr\u00edochta at\u00e1 ann ar an iliomad \u00e1iteanna a raibh Seosamh ag fanacht le linn&hellip;<\/p>","protected":false},"featured_media":35119,"comment_status":"open","ping_status":"closed","template":"","meta":{"_acf_changed":false,"_relevanssi_hide_post":"","_relevanssi_hide_content":"","_relevanssi_pin_for_all":"","_relevanssi_pin_keywords":"","_relevanssi_unpin_keywords":"","_relevanssi_related_keywords":"","_relevanssi_related_include_ids":"","_relevanssi_related_exclude_ids":"","_relevanssi_related_no_append":"","_relevanssi_related_not_related":"","_relevanssi_related_posts":"189,2154,146,3119,42614,3984","_relevanssi_noindex_reason":""},"product_brand":[],"product_cat":[250],"product_tag":[],"class_list":{"0":"post-35118","1":"product","2":"type-product","3":"status-publish","4":"has-post-thumbnail","6":"product_cat-literature","7":"pa_authors-gearoidin-ui-laighleis","9":"first","10":"instock","11":"taxable","12":"shipping-taxable","13":"purchasable","14":"product-type-simple"},"acf":[],"yoast_head":"<!-- This site is optimized with the Yoast SEO plugin v27.4 - https:\/\/yoast.com\/product\/yoast-seo-wordpress\/ -->\n<title>Seosamh Mac Grianna i mBaile \u00c1tha Cliath L\u00e9arsc\u00e1il Litr\u00edochta - An Ceathr\u00fa P\u00f3il\u00ed<\/title>\n<meta name=\"description\" content=\"Order Seosamh Mac Grianna i mBaile \u00c1tha Cliath L\u00e9arsc\u00e1il Litr\u00edochta by Gear\u00f3id\u00edn U\u00ed Laighl\u00e9is from our Literature shelves. The siopa leabhar ships worldwide! Is \u00e9 at\u00e1 sa leabhar seo n\u00e1 turas Sheosaimh Mhic Grianna le linn d\u00f3 a bheith ag obair don Gh\u00fam, comhlacht foilsitheoireachta an st\u00e1it, agus \u00e9 ina ch\u00f3na\u00ed i\" \/>\n<meta name=\"robots\" content=\"index, follow, max-snippet:-1, max-image-preview:large, max-video-preview:-1\" \/>\n<link rel=\"canonical\" href=\"https:\/\/www.anceathrupoili.com\/ga\/shop\/seosamh-mac-grianna-i-mbaile-atha-cliath\/\" \/>\n<meta property=\"og:locale\" content=\"ga_IE\" \/>\n<meta property=\"og:type\" content=\"article\" \/>\n<meta property=\"og:title\" content=\"Seosamh Mac Grianna i mBaile \u00c1tha Cliath L\u00e9arsc\u00e1il Litr\u00edochta - An Ceathr\u00fa P\u00f3il\u00ed\" \/>\n<meta property=\"og:description\" content=\"Order Seosamh Mac Grianna i mBaile \u00c1tha Cliath L\u00e9arsc\u00e1il Litr\u00edochta by Gear\u00f3id\u00edn U\u00ed Laighl\u00e9is from our Literature shelves. The siopa leabhar ships worldwide! Is \u00e9 at\u00e1 sa leabhar seo n\u00e1 turas Sheosaimh Mhic Grianna le linn d\u00f3 a bheith ag obair don Gh\u00fam, comhlacht foilsitheoireachta an st\u00e1it, agus \u00e9 ina ch\u00f3na\u00ed i\" \/>\n<meta property=\"og:url\" content=\"https:\/\/www.anceathrupoili.com\/ga\/shop\/seosamh-mac-grianna-i-mbaile-atha-cliath\/\" \/>\n<meta property=\"og:site_name\" content=\"An Ceathr\u00fa P\u00f3il\u00ed\" \/>\n<meta property=\"article:modified_time\" content=\"2026-04-25T04:22:33+00:00\" \/>\n<meta property=\"og:image\" content=\"https:\/\/www.anceathrupoili.com\/wp-content\/uploads\/2024\/05\/2404SMGiMBAC.png\" \/>\n\t<meta property=\"og:image:width\" content=\"439\" \/>\n\t<meta property=\"og:image:height\" content=\"627\" \/>\n\t<meta property=\"og:image:type\" content=\"image\/png\" \/>\n<meta name=\"twitter:card\" content=\"summary_large_image\" \/>\n<meta name=\"twitter:label1\" content=\"Est. reading time\" \/>\n\t<meta name=\"twitter:data1\" content=\"1 minute\" \/>\n<script type=\"application\/ld+json\" class=\"yoast-schema-graph\">{\"@context\":\"https:\\\/\\\/schema.org\",\"@graph\":[{\"@type\":\"WebPage\",\"@id\":\"https:\\\/\\\/www.anceathrupoili.com\\\/shop\\\/seosamh-mac-grianna-i-mbaile-atha-cliath\\\/\",\"url\":\"https:\\\/\\\/www.anceathrupoili.com\\\/shop\\\/seosamh-mac-grianna-i-mbaile-atha-cliath\\\/\",\"name\":\"Seosamh Mac Grianna i mBaile \u00c1tha Cliath L\u00e9arsc\u00e1il Litr\u00edochta - An Ceathr\u00fa P\u00f3il\u00ed\",\"isPartOf\":{\"@id\":\"https:\\\/\\\/www.anceathrupoili.com\\\/#website\"},\"primaryImageOfPage\":{\"@id\":\"https:\\\/\\\/www.anceathrupoili.com\\\/shop\\\/seosamh-mac-grianna-i-mbaile-atha-cliath\\\/#primaryimage\"},\"image\":{\"@id\":\"https:\\\/\\\/www.anceathrupoili.com\\\/shop\\\/seosamh-mac-grianna-i-mbaile-atha-cliath\\\/#primaryimage\"},\"thumbnailUrl\":\"https:\\\/\\\/www.anceathrupoili.com\\\/wp-content\\\/uploads\\\/2024\\\/05\\\/2404SMGiMBAC.png\",\"datePublished\":\"2024-05-10T11:19:41+00:00\",\"dateModified\":\"2026-04-25T04:22:33+00:00\",\"description\":\"Order Seosamh Mac Grianna i mBaile \u00c1tha Cliath L\u00e9arsc\u00e1il Litr\u00edochta by Gear\u00f3id\u00edn U\u00ed Laighl\u00e9is from our Literature shelves. The siopa leabhar ships worldwide! Is \u00e9 at\u00e1 sa leabhar seo n\u00e1 turas Sheosaimh Mhic Grianna le linn d\u00f3 a bheith ag obair don Gh\u00fam, comhlacht foilsitheoireachta an st\u00e1it, agus \u00e9 ina ch\u00f3na\u00ed i\",\"breadcrumb\":{\"@id\":\"https:\\\/\\\/www.anceathrupoili.com\\\/shop\\\/seosamh-mac-grianna-i-mbaile-atha-cliath\\\/#breadcrumb\"},\"inLanguage\":\"ga-IE\",\"potentialAction\":[{\"@type\":\"ReadAction\",\"target\":[\"https:\\\/\\\/www.anceathrupoili.com\\\/shop\\\/seosamh-mac-grianna-i-mbaile-atha-cliath\\\/\"]}]},{\"@type\":\"ImageObject\",\"inLanguage\":\"ga-IE\",\"@id\":\"https:\\\/\\\/www.anceathrupoili.com\\\/shop\\\/seosamh-mac-grianna-i-mbaile-atha-cliath\\\/#primaryimage\",\"url\":\"https:\\\/\\\/www.anceathrupoili.com\\\/wp-content\\\/uploads\\\/2024\\\/05\\\/2404SMGiMBAC.png\",\"contentUrl\":\"https:\\\/\\\/www.anceathrupoili.com\\\/wp-content\\\/uploads\\\/2024\\\/05\\\/2404SMGiMBAC.png\",\"width\":439,\"height\":627},{\"@type\":\"BreadcrumbList\",\"@id\":\"https:\\\/\\\/www.anceathrupoili.com\\\/shop\\\/seosamh-mac-grianna-i-mbaile-atha-cliath\\\/#breadcrumb\",\"itemListElement\":[{\"@type\":\"ListItem\",\"position\":1,\"name\":\"Home\",\"item\":\"https:\\\/\\\/www.anceathrupoili.com\\\/\"},{\"@type\":\"ListItem\",\"position\":2,\"name\":\"Shop\",\"item\":\"https:\\\/\\\/www.anceathrupoili.com\\\/shop\\\/\"},{\"@type\":\"ListItem\",\"position\":3,\"name\":\"Seosamh Mac Grianna i mBaile \u00c1tha Cliath L\u00e9arsc\u00e1il Litr\u00edochta\"}]},{\"@type\":\"WebSite\",\"@id\":\"https:\\\/\\\/www.anceathrupoili.com\\\/#website\",\"url\":\"https:\\\/\\\/www.anceathrupoili.com\\\/\",\"name\":\"An Ceathr\u00fa P\u00f3il\u00ed\",\"description\":\"Belfast&#039;s Irish Language Bookshop\",\"publisher\":{\"@id\":\"https:\\\/\\\/www.anceathrupoili.com\\\/#organization\"},\"potentialAction\":[{\"@type\":\"SearchAction\",\"target\":{\"@type\":\"EntryPoint\",\"urlTemplate\":\"https:\\\/\\\/www.anceathrupoili.com\\\/?s={search_term_string}\"},\"query-input\":{\"@type\":\"PropertyValueSpecification\",\"valueRequired\":true,\"valueName\":\"search_term_string\"}}],\"inLanguage\":\"ga-IE\"},{\"@type\":\"Organization\",\"@id\":\"https:\\\/\\\/www.anceathrupoili.com\\\/#organization\",\"name\":\"An Ceathr\u00fa P\u00f3il\u00ed\",\"url\":\"https:\\\/\\\/www.anceathrupoili.com\\\/\",\"logo\":{\"@type\":\"ImageObject\",\"inLanguage\":\"ga-IE\",\"@id\":\"https:\\\/\\\/www.anceathrupoili.com\\\/#\\\/schema\\\/logo\\\/image\\\/\",\"url\":\"https:\\\/\\\/www.anceathrupoili.com\\\/wp-content\\\/uploads\\\/2024\\\/03\\\/Books-logo-names-01.svg\",\"contentUrl\":\"https:\\\/\\\/www.anceathrupoili.com\\\/wp-content\\\/uploads\\\/2024\\\/03\\\/Books-logo-names-01.svg\",\"width\":1,\"height\":1,\"caption\":\"An Ceathr\u00fa P\u00f3il\u00ed\"},\"image\":{\"@id\":\"https:\\\/\\\/www.anceathrupoili.com\\\/#\\\/schema\\\/logo\\\/image\\\/\"}}]}<\/script>\n<!-- \/ Yoast SEO plugin. -->","yoast_head_json":{"title":"Seosamh Mac Grianna i mBaile \u00c1tha Cliath L\u00e9arsc\u00e1il Litr\u00edochta - An Ceathr\u00fa P\u00f3il\u00ed","description":"Order Seosamh Mac Grianna i mBaile \u00c1tha Cliath L\u00e9arsc\u00e1il Litr\u00edochta by Gear\u00f3id\u00edn U\u00ed Laighl\u00e9is from our Literature shelves. The siopa leabhar ships worldwide! Is \u00e9 at\u00e1 sa leabhar seo n\u00e1 turas Sheosaimh Mhic Grianna le linn d\u00f3 a bheith ag obair don Gh\u00fam, comhlacht foilsitheoireachta an st\u00e1it, agus \u00e9 ina ch\u00f3na\u00ed i","robots":{"index":"index","follow":"follow","max-snippet":"max-snippet:-1","max-image-preview":"max-image-preview:large","max-video-preview":"max-video-preview:-1"},"canonical":"https:\/\/www.anceathrupoili.com\/ga\/shop\/seosamh-mac-grianna-i-mbaile-atha-cliath\/","og_locale":"ga_IE","og_type":"article","og_title":"Seosamh Mac Grianna i mBaile \u00c1tha Cliath L\u00e9arsc\u00e1il Litr\u00edochta - An Ceathr\u00fa P\u00f3il\u00ed","og_description":"Order Seosamh Mac Grianna i mBaile \u00c1tha Cliath L\u00e9arsc\u00e1il Litr\u00edochta by Gear\u00f3id\u00edn U\u00ed Laighl\u00e9is from our Literature shelves. The siopa leabhar ships worldwide! Is \u00e9 at\u00e1 sa leabhar seo n\u00e1 turas Sheosaimh Mhic Grianna le linn d\u00f3 a bheith ag obair don Gh\u00fam, comhlacht foilsitheoireachta an st\u00e1it, agus \u00e9 ina ch\u00f3na\u00ed i","og_url":"https:\/\/www.anceathrupoili.com\/ga\/shop\/seosamh-mac-grianna-i-mbaile-atha-cliath\/","og_site_name":"An Ceathr\u00fa P\u00f3il\u00ed","article_modified_time":"2026-04-25T04:22:33+00:00","og_image":[{"width":439,"height":627,"url":"https:\/\/www.anceathrupoili.com\/wp-content\/uploads\/2024\/05\/2404SMGiMBAC.png","type":"image\/png"}],"twitter_card":"summary_large_image","twitter_misc":{"Est. reading time":"1 minute"},"schema":{"@context":"https:\/\/schema.org","@graph":[{"@type":"WebPage","@id":"https:\/\/www.anceathrupoili.com\/shop\/seosamh-mac-grianna-i-mbaile-atha-cliath\/","url":"https:\/\/www.anceathrupoili.com\/shop\/seosamh-mac-grianna-i-mbaile-atha-cliath\/","name":"Seosamh Mac Grianna i mBaile \u00c1tha Cliath L\u00e9arsc\u00e1il Litr\u00edochta - An Ceathr\u00fa P\u00f3il\u00ed","isPartOf":{"@id":"https:\/\/www.anceathrupoili.com\/#website"},"primaryImageOfPage":{"@id":"https:\/\/www.anceathrupoili.com\/shop\/seosamh-mac-grianna-i-mbaile-atha-cliath\/#primaryimage"},"image":{"@id":"https:\/\/www.anceathrupoili.com\/shop\/seosamh-mac-grianna-i-mbaile-atha-cliath\/#primaryimage"},"thumbnailUrl":"https:\/\/www.anceathrupoili.com\/wp-content\/uploads\/2024\/05\/2404SMGiMBAC.png","datePublished":"2024-05-10T11:19:41+00:00","dateModified":"2026-04-25T04:22:33+00:00","description":"Order Seosamh Mac Grianna i mBaile \u00c1tha Cliath L\u00e9arsc\u00e1il Litr\u00edochta by Gear\u00f3id\u00edn U\u00ed Laighl\u00e9is from our Literature shelves. The siopa leabhar ships worldwide! Is \u00e9 at\u00e1 sa leabhar seo n\u00e1 turas Sheosaimh Mhic Grianna le linn d\u00f3 a bheith ag obair don Gh\u00fam, comhlacht foilsitheoireachta an st\u00e1it, agus \u00e9 ina ch\u00f3na\u00ed i","breadcrumb":{"@id":"https:\/\/www.anceathrupoili.com\/shop\/seosamh-mac-grianna-i-mbaile-atha-cliath\/#breadcrumb"},"inLanguage":"ga-IE","potentialAction":[{"@type":"ReadAction","target":["https:\/\/www.anceathrupoili.com\/shop\/seosamh-mac-grianna-i-mbaile-atha-cliath\/"]}]},{"@type":"ImageObject","inLanguage":"ga-IE","@id":"https:\/\/www.anceathrupoili.com\/shop\/seosamh-mac-grianna-i-mbaile-atha-cliath\/#primaryimage","url":"https:\/\/www.anceathrupoili.com\/wp-content\/uploads\/2024\/05\/2404SMGiMBAC.png","contentUrl":"https:\/\/www.anceathrupoili.com\/wp-content\/uploads\/2024\/05\/2404SMGiMBAC.png","width":439,"height":627},{"@type":"BreadcrumbList","@id":"https:\/\/www.anceathrupoili.com\/shop\/seosamh-mac-grianna-i-mbaile-atha-cliath\/#breadcrumb","itemListElement":[{"@type":"ListItem","position":1,"name":"Home","item":"https:\/\/www.anceathrupoili.com\/"},{"@type":"ListItem","position":2,"name":"Shop","item":"https:\/\/www.anceathrupoili.com\/shop\/"},{"@type":"ListItem","position":3,"name":"Seosamh Mac Grianna i mBaile \u00c1tha Cliath L\u00e9arsc\u00e1il Litr\u00edochta"}]},{"@type":"WebSite","@id":"https:\/\/www.anceathrupoili.com\/#website","url":"https:\/\/www.anceathrupoili.com\/","name":"An Ceathr\u00fa P\u00f3il\u00ed","description":"Belfast&#039;s Irish Language Bookshop","publisher":{"@id":"https:\/\/www.anceathrupoili.com\/#organization"},"potentialAction":[{"@type":"SearchAction","target":{"@type":"EntryPoint","urlTemplate":"https:\/\/www.anceathrupoili.com\/?s={search_term_string}"},"query-input":{"@type":"PropertyValueSpecification","valueRequired":true,"valueName":"search_term_string"}}],"inLanguage":"ga-IE"},{"@type":"Organization","@id":"https:\/\/www.anceathrupoili.com\/#organization","name":"An Ceathr\u00fa P\u00f3il\u00ed","url":"https:\/\/www.anceathrupoili.com\/","logo":{"@type":"ImageObject","inLanguage":"ga-IE","@id":"https:\/\/www.anceathrupoili.com\/#\/schema\/logo\/image\/","url":"https:\/\/www.anceathrupoili.com\/wp-content\/uploads\/2024\/03\/Books-logo-names-01.svg","contentUrl":"https:\/\/www.anceathrupoili.com\/wp-content\/uploads\/2024\/03\/Books-logo-names-01.svg","width":1,"height":1,"caption":"An Ceathr\u00fa P\u00f3il\u00ed"},"image":{"@id":"https:\/\/www.anceathrupoili.com\/#\/schema\/logo\/image\/"}}]}},"_links":{"self":[{"href":"https:\/\/www.anceathrupoili.com\/ga\/wp-json\/wp\/v2\/product\/35118","targetHints":{"allow":["GET"]}}],"collection":[{"href":"https:\/\/www.anceathrupoili.com\/ga\/wp-json\/wp\/v2\/product"}],"about":[{"href":"https:\/\/www.anceathrupoili.com\/ga\/wp-json\/wp\/v2\/types\/product"}],"replies":[{"embeddable":true,"href":"https:\/\/www.anceathrupoili.com\/ga\/wp-json\/wp\/v2\/comments?post=35118"}],"wp:featuredmedia":[{"embeddable":true,"href":"https:\/\/www.anceathrupoili.com\/ga\/wp-json\/wp\/v2\/media\/35119"}],"wp:attachment":[{"href":"https:\/\/www.anceathrupoili.com\/ga\/wp-json\/wp\/v2\/media?parent=35118"}],"wp:term":[{"taxonomy":"product_brand","embeddable":true,"href":"https:\/\/www.anceathrupoili.com\/ga\/wp-json\/wp\/v2\/product_brand?post=35118"},{"taxonomy":"product_cat","embeddable":true,"href":"https:\/\/www.anceathrupoili.com\/ga\/wp-json\/wp\/v2\/product_cat?post=35118"},{"taxonomy":"product_tag","embeddable":true,"href":"https:\/\/www.anceathrupoili.com\/ga\/wp-json\/wp\/v2\/product_tag?post=35118"}],"curies":[{"name":"wp","href":"https:\/\/api.w.org\/{rel}","templated":true}]}}